{"id":8,"date":"2024-06-07T08:33:00","date_gmt":"2024-06-07T08:33:00","guid":{"rendered":"https:\/\/www.casaruralelchato.com\/?page_id=8"},"modified":"2024-11-13T19:38:10","modified_gmt":"2024-11-13T19:38:10","slug":"la-casa","status":"publish","type":"page","link":"https:\/\/www.casaruralelchato.com\/index.php\/la-casa\/","title":{"rendered":"La Casa"},"content":{"rendered":"<p>[et_pb_section fb_built=\u00bb1&#8243; admin_label=\u00bbHeader\u00bb _builder_version=\u00bb4.17.6&#8243; _module_preset=\u00bbdefault\u00bb background_color=\u00bb#EBE4DD\u00bb custom_padding=\u00bb||0px||false|false\u00bb collapsed=\u00bbon\u00bb global_colors_info=\u00bb{}\u00bb][et_pb_row _builder_version=\u00bb4.17.6&#8243; _module_preset=\u00bbdefault\u00bb global_colors_info=\u00bb{}\u00bb][et_pb_column type=\u00bb4_4&#8243; _builder_version=\u00bb4.17.6&#8243; _module_preset=\u00bbdefault\u00bb global_colors_info=\u00bb{}\u00bb][et_pb_text _builder_version=\u00bb4.25.1&#8243; _module_preset=\u00bbc16985e1-e0d6-4022-964d-e2bfc04fa633&#8243; header_font=\u00bbManrope|700|||||||\u00bb header_text_color=\u00bb#000000&#8243; header_font_size=\u00bb75px\u00bb header_letter_spacing=\u00bb0.05em\u00bb header_line_height=\u00bb1.2em\u00bb header_font_size_tablet=\u00bb40px\u00bb header_font_size_phone=\u00bb24px\u00bb header_font_size_last_edited=\u00bbon|desktop\u00bb global_colors_info=\u00bb{}\u00bb]<\/p>\n<h1>Casa Rural el Chato<\/h1>\n<p>[\/et_pb_text][\/et_pb_column][\/et_pb_row][et_pb_row column_structure=\u00bb3_5,2_5&#8243; _builder_version=\u00bb4.17.6&#8243; _module_preset=\u00bbdefault\u00bb custom_margin=\u00bb||30px||false|false\u00bb global_colors_info=\u00bb{}\u00bb][et_pb_column type=\u00bb3_5&#8243; _builder_version=\u00bb4.17.6&#8243; _module_preset=\u00bbdefault\u00bb global_colors_info=\u00bb{}\u00bb][et_pb_image src=\u00bbhttps:\/\/www.casaruralelchato.com\/wp-content\/uploads\/2024\/07\/20240717_142822-scaled.jpg\u00bb title_text=\u00bb20240717_142822&#8243; _builder_version=\u00bb4.25.1&#8243; _module_preset=\u00bbdefault\u00bb custom_margin=\u00bb|-11vw|||false|false\u00bb custom_margin_tablet=\u00bb|0vw|||false|false\u00bb custom_margin_phone=\u00bb|0vw|||false|false\u00bb custom_margin_last_edited=\u00bbon|tablet\u00bb global_colors_info=\u00bb{}\u00bb][\/et_pb_image][et_pb_text module_id=\u00bbsalita\u00bb _builder_version=\u00bb4.25.1&#8243; _module_preset=\u00bbb327cbe4-b1d5-4b66-ad37-40c8f2f061ba\u00bb header_2_font=\u00bbManrope|700|||||||\u00bb header_2_text_color=\u00bb#000000&#8243; header_2_font_size=\u00bb48px\u00bb header_2_line_height=\u00bb1.2em\u00bb header_2_font_size_tablet=\u00bb32px\u00bb header_2_font_size_phone=\u00bb20px\u00bb header_2_font_size_last_edited=\u00bbon|desktop\u00bb global_colors_info=\u00bb{}\u00bb]<\/p>\n<h2>La Salita<\/h2>\n<p>[\/et_pb_text][et_pb_text _builder_version=\u00bb4.25.1&#8243; _module_preset=\u00bbdefault\u00bb global_colors_info=\u00bb{}\u00bb]<\/p>\n<p>La sala de estar de nuestra encantadora casa rural es un espacio dise\u00f1ado para ofrecer comodidad y calidez en cada rinc\u00f3n. Al entrar, ser\u00e1s recibido por una atm\u00f3sfera acogedora y relajante, ideal para desconectar y disfrutar de momentos especiales.<\/p>\n<p>[\/et_pb_text][et_pb_text _builder_version=\u00bb4.25.1&#8243; _module_preset=\u00bbdefault\u00bb global_colors_info=\u00bb{}\u00bb]<\/p>\n<p>Este espacio est\u00e1 pensado para ser el refugio perfecto despu\u00e9s de un d\u00eda explorando el entorno natural, un lugar donde las risas y las conversaciones fluyen libremente, y donde cada detalle est\u00e1 pensado para ofrecerte una estancia inolvidable.<\/p>\n<p>[\/et_pb_text][\/et_pb_column][et_pb_column type=\u00bb2_5&#8243; _builder_version=\u00bb4.17.6&#8243; _module_preset=\u00bbdefault\u00bb custom_padding=\u00bb10%||||false|false\u00bb global_colors_info=\u00bb{}\u00bb][et_pb_image src=\u00bbhttps:\/\/www.casaruralelchato.com\/wp-content\/uploads\/2024\/07\/20240717_142659-scaled.jpg\u00bb title_text=\u00bb20240717_142659&#8243; _builder_version=\u00bb4.25.1&#8243; _module_preset=\u00bbdefault\u00bb global_colors_info=\u00bb{}\u00bb][\/et_pb_image][\/et_pb_column][\/et_pb_row][\/et_pb_section][et_pb_section fb_built=\u00bb1&#8243; admin_label=\u00bbService\u00bb _builder_version=\u00bb4.17.6&#8243; _module_preset=\u00bbdefault\u00bb background_color=\u00bb#FAF5EF\u00bb collapsed=\u00bbon\u00bb global_colors_info=\u00bb{}\u00bb][et_pb_row column_structure=\u00bb2_5,3_5&#8243; _builder_version=\u00bb4.17.6&#8243; _module_preset=\u00bbdefault\u00bb global_colors_info=\u00bb{}\u00bb][et_pb_column type=\u00bb2_5&#8243; _builder_version=\u00bb4.17.6&#8243; _module_preset=\u00bbdefault\u00bb z_index=\u00bb10&#8243; custom_padding=\u00bb|10%|||false|false\u00bb custom_padding_tablet=\u00bb|0%|30px||false|false\u00bb custom_padding_phone=\u00bb|0%|30px||false|false\u00bb custom_padding_last_edited=\u00bbon|tablet\u00bb global_colors_info=\u00bb{}\u00bb][et_pb_image src=\u00bbhttps:\/\/www.casaruralelchato.com\/wp-content\/uploads\/2024\/07\/20240717_171845.jpg\u00bb title_text=\u00bb20240717_171845&#8243; _builder_version=\u00bb4.25.1&#8243; _module_preset=\u00bbdefault\u00bb custom_margin=\u00bb|-30%|||false|false\u00bb custom_margin_tablet=\u00bb|0%|||false|false\u00bb custom_margin_phone=\u00bb|-30%|||false|false\u00bb custom_margin_last_edited=\u00bbon|tablet\u00bb global_colors_info=\u00bb{}\u00bb][\/et_pb_image][et_pb_text _builder_version=\u00bb4.25.1&#8243; _module_preset=\u00bbdefault\u00bb global_colors_info=\u00bb{}\u00bb]<\/p>\n<h4>Equipamiento y Utensilios de la Cocina en Nuestra Casa Rural<\/h4>\n<p>[\/et_pb_text][et_pb_text _builder_version=\u00bb4.25.1&#8243; _module_preset=\u00bbdefault\u00bb global_colors_info=\u00bb{}\u00bb]<\/p>\n<p style=\"text-align: left;\">Nuestra cocina est\u00e1 completamente equipada para que puedas preparar y disfrutar de deliciosas comidas durante tu estancia, ofreciendo todas las comodidades y herramientas que necesitas para sentirte como en casa.<\/p>\n<p>[\/et_pb_text][et_pb_toggle title=\u00bbElectrodom\u00e9sticos:\u00bb _builder_version=\u00bb4.25.1&#8243; _module_preset=\u00bbdefault\u00bb global_colors_info=\u00bb{}\u00bb]<\/p>\n<ul>\n<li><strong>Nevera con congelador<\/strong><\/li>\n<li><strong>Horno<\/strong><\/li>\n<li><strong>Microondas<\/strong><\/li>\n<li><strong>Vitrocer\u00e1mica o placa de inducci\u00f3n<\/strong><\/li>\n<li><strong>Cafetera<\/strong><\/li>\n<li><strong>Tostadora<\/strong><\/li>\n<li><strong>Batidora<\/strong><\/li>\n<li><strong>Extractor de humo<\/strong><\/li>\n<\/ul>\n<p>[\/et_pb_toggle][et_pb_toggle title=\u00bbUtensilios de cocina:\u00bb _builder_version=\u00bb4.25.1&#8243; _module_preset=\u00bbdefault\u00bb global_colors_info=\u00bb{}\u00bb]<\/p>\n<ul>\n<li><strong>Cacerolas y sartenes de varios tama\u00f1os<\/strong><\/li>\n<li><strong>Ollas y cazos<\/strong><\/li>\n<li><strong>Bandejas para hornear<\/strong><\/li>\n<li><strong>Bater\u00eda de cocina completa<\/strong><\/li>\n<li><strong>Cuchillos de cocina de alta calidad<\/strong><\/li>\n<li><strong>Tabla de cortar<\/strong><\/li>\n<li><strong>Esp\u00e1tulas, cucharones y cucharas de cocina<\/strong><\/li>\n<li><strong>Abrelatas y sacacorchos<\/strong><\/li>\n<li><strong>Rallador y pelador de vegetales<\/strong><\/li>\n<li><strong>Tijeras de cocina<\/strong><\/li>\n<li><strong>Colador y tamiz<\/strong><\/li>\n<\/ul>\n<p>[\/et_pb_toggle][et_pb_toggle title=\u00bbVajilla, cubiertos y extras:\u00bb _builder_version=\u00bb4.25.1&#8243; _module_preset=\u00bbdefault\u00bb global_colors_info=\u00bb{}\u00bb]<\/p>\n<ul>\n<li><strong>Platos llanos, hondos y de postre<\/strong><\/li>\n<li><strong>Cuencos<\/strong><\/li>\n<li><strong>Tazas y vasos de varios tama\u00f1os<\/strong><\/li>\n<li><strong>Copas de vino y de agua<\/strong><\/li>\n<li><strong>Jarras para bebidas<\/strong><\/li>\n<li><strong>Tenedores, cuchillos y cucharas<\/strong><\/li>\n<li><strong>Cucharillas de postre<\/strong><\/li>\n<li><strong>Cucharones de sopa<\/strong><strong><br \/><\/strong><\/li>\n<li><strong>Botes para almacenar alimentos (pasta, arroz, etc.)<\/strong><\/li>\n<li><strong>Pa\u00f1os de cocina<\/strong><\/li>\n<\/ul>\n<p>[\/et_pb_toggle][\/et_pb_column][et_pb_column type=\u00bb3_5&#8243; _builder_version=\u00bb4.17.6&#8243; _module_preset=\u00bbdefault\u00bb global_colors_info=\u00bb{}\u00bb][et_pb_text module_id=\u00bbcocina-comedor\u00bb _builder_version=\u00bb4.25.1&#8243; _module_preset=\u00bbb327cbe4-b1d5-4b66-ad37-40c8f2f061ba\u00bb header_2_font=\u00bbManrope|700|||||||\u00bb header_2_text_color=\u00bb#000000&#8243; header_2_font_size=\u00bb48px\u00bb header_2_line_height=\u00bb1.2em\u00bb header_2_font_size_tablet=\u00bb32px\u00bb header_2_font_size_phone=\u00bb20px\u00bb header_2_font_size_last_edited=\u00bbon|desktop\u00bb global_colors_info=\u00bb{}\u00bb]<\/p>\n<h2>Cocina Comedor<\/h2>\n<p>[\/et_pb_text][et_pb_text _builder_version=\u00bb4.25.1&#8243; _module_preset=\u00bbdefault\u00bb global_colors_info=\u00bb{}\u00bb]<\/p>\n<p>Un lugar donde la funcionalidad se encuentra con el encanto r\u00fastico, creando un ambiente perfecto para cocinar, comer y compartir momentos inolvidables.<\/p>\n<p>Todos los electrodom\u00e9sticos modernos est\u00e1n a tu disposici\u00f3n, incluyendo una nevera grande, horno, microondas, cafetera y tostadora.<\/p>\n<p>[\/et_pb_text][et_pb_image src=\u00bbhttps:\/\/www.casaruralelchato.com\/wp-content\/uploads\/2024\/07\/Cocina-Comedor.1.jpg\u00bb title_text=\u00bbCocina Comedor.1&#8243; show_bottom_space=\u00bboff\u00bb _builder_version=\u00bb4.25.1&#8243; _module_preset=\u00bbdefault\u00bb custom_margin=\u00bb|||-6vw|false|false\u00bb global_colors_info=\u00bb{}\u00bb][\/et_pb_image][\/et_pb_column][\/et_pb_row][\/et_pb_section][et_pb_section fb_built=\u00bb1&#8243; admin_label=\u00bbServices\u00bb _builder_version=\u00bb4.17.6&#8243; _module_preset=\u00bbdefault\u00bb background_color=\u00bb#FAF5EF\u00bb collapsed=\u00bbon\u00bb global_colors_info=\u00bb{}\u00bb][et_pb_row _builder_version=\u00bb4.17.6&#8243; _module_preset=\u00bbdefault\u00bb locked=\u00bboff\u00bb global_colors_info=\u00bb{}\u00bb][et_pb_column type=\u00bb4_4&#8243; _builder_version=\u00bb4.17.6&#8243; _module_preset=\u00bbdefault\u00bb global_colors_info=\u00bb{}\u00bb][et_pb_image src=\u00bbhttps:\/\/www.casaruralelchato.com\/wp-content\/uploads\/2024\/06\/hostel_49.png\u00bb title_text=\u00bbhostel_49&#8243; align=\u00bbcenter\u00bb _builder_version=\u00bb4.25.1&#8243; _module_preset=\u00bbdefault\u00bb global_colors_info=\u00bb{}\u00bb][\/et_pb_image][et_pb_text module_id=\u00bbhabitaciones\u00bb _builder_version=\u00bb4.27.0&#8243; _module_preset=\u00bb4827deed-2a92-4d97-a22f-f01067ae6873&#8243; header_font=\u00bb||||||||\u00bb header_4_font=\u00bbManrope|700|||||||\u00bb header_4_text_color=\u00bb#000000&#8243; header_4_font_size=\u00bb19px\u00bb header_4_line_height=\u00bb1.4em\u00bb text_orientation=\u00bbcenter\u00bb custom_margin=\u00bb||0px||false|false\u00bb hover_enabled=\u00bb0&#8243; header_4_font_size_tablet=\u00bb16px\u00bb header_4_font_size_phone=\u00bb14px\u00bb header_4_font_size_last_edited=\u00bbon|tablet\u00bb global_colors_info=\u00bb{}\u00bb sticky_enabled=\u00bb0&#8243;]<\/p>\n<h4>Suite del Maestrazgo<\/h4>\n<p>[\/et_pb_text][et_pb_text _builder_version=\u00bb4.25.1&#8243; _module_preset=\u00bb4c43b4b6-66bf-432d-959a-705bda24a650&#8243; text_font=\u00bbOpen Sans||||||||\u00bb text_text_color=\u00bb#666666&#8243; text_line_height=\u00bb1.8em\u00bb link_text_color=\u00bb#666666&#8243; text_orientation=\u00bbcenter\u00bb header_font_size_tablet=\u00bb55px\u00bb header_font_size_last_edited=\u00bboff|desktop\u00bb global_colors_info=\u00bb{}\u00bb]<\/p>\n<p style=\"text-align: left;\">La habitaci\u00f3n principal es un refugio de confort y tranquilidad.<\/p>\n<p style=\"text-align: left;\">Con una cama de matrimonio grande y c\u00f3moda, es el lugar perfecto para descansar y recargar energ\u00edas.<\/p>\n<p style=\"text-align: left;\">Cada habitaci\u00f3n en nuestra casa rural est\u00e1 dise\u00f1ada para proporcionar el m\u00e1ximo confort y una experiencia inolvidable, combinando el encanto r\u00fastico con las comodidades modernas. <\/p>\n<p>[\/et_pb_text][et_pb_text ul_position=\u00bbinside\u00bb _builder_version=\u00bb4.25.1&#8243; _module_preset=\u00bb1f09816e-184e-4ce5-a4cf-b39c52c423ca\u00bb text_font=\u00bbOpen Sans||||||||\u00bb text_text_color=\u00bb#666666&#8243; text_font_size=\u00bb16px\u00bb text_line_height=\u00bb1.8em\u00bb link_text_color=\u00bb#666666&#8243; text_orientation=\u00bbcenter\u00bb custom_margin=\u00bb||0px||false|false\u00bb text_font_size_tablet=\u00bb15px\u00bb text_font_size_phone=\u00bb14px\u00bb text_font_size_last_edited=\u00bbon|phone\u00bb header_font_size_tablet=\u00bb55px\u00bb header_font_size_last_edited=\u00bboff|desktop\u00bb global_colors_info=\u00bb{}\u00bb]<\/p>\n<ul>\n<li style=\"text-align: left;\">Cama Queen size<\/li>\n<li style=\"text-align: left;\">Ropa de cama.<\/li>\n<li style=\"text-align: left;\">Armario espacioso.<\/li>\n<li style=\"text-align: left;\">Mesitas de noche con l\u00e1mparas de lectura<\/li>\n<li style=\"text-align: left;\">Ba\u00f1o privado con ducha.<\/li>\n<li style=\"text-align: left;\">Ventanal con vistas a la Plaza Mayor.<\/li>\n<\/ul>\n<p>[\/et_pb_text][\/et_pb_column][\/et_pb_row][et_pb_row column_structure=\u00bb1_2,1_2&#8243; _builder_version=\u00bb4.17.6&#8243; _module_preset=\u00bbdefault\u00bb locked=\u00bboff\u00bb global_colors_info=\u00bb{}\u00bb][et_pb_column type=\u00bb1_2&#8243; _builder_version=\u00bb4.17.6&#8243; _module_preset=\u00bbdefault\u00bb global_colors_info=\u00bb{}\u00bb][et_pb_image src=\u00bbhttps:\/\/www.casaruralelchato.com\/wp-content\/uploads\/2024\/07\/Habitacion-Familiar.1.jpg\u00bb title_text=\u00bbHabitaci\u00f3n Familiar.1&#8243; align=\u00bbcenter\u00bb _builder_version=\u00bb4.25.1&#8243; _module_preset=\u00bbdefault\u00bb global_colors_info=\u00bb{}\u00bb][\/et_pb_image][et_pb_text _builder_version=\u00bb4.27.0&#8243; _module_preset=\u00bb4827deed-2a92-4d97-a22f-f01067ae6873&#8243; header_font=\u00bb||||||||\u00bb header_4_font=\u00bbManrope|700|||||||\u00bb header_4_text_color=\u00bb#000000&#8243; header_4_font_size=\u00bb19px\u00bb header_4_line_height=\u00bb1.4em\u00bb text_orientation=\u00bbcenter\u00bb custom_margin=\u00bb||0px||false|false\u00bb hover_enabled=\u00bb0&#8243; header_4_font_size_tablet=\u00bb16px\u00bb header_4_font_size_phone=\u00bb14px\u00bb header_4_font_size_last_edited=\u00bbon|tablet\u00bb global_colors_info=\u00bb{}\u00bb sticky_enabled=\u00bb0&#8243;]<\/p>\n<h4>Habitaci\u00f3n Els Ports<\/h4>\n<p>[\/et_pb_text][et_pb_text _builder_version=\u00bb4.25.1&#8243; _module_preset=\u00bb4c43b4b6-66bf-432d-959a-705bda24a650&#8243; text_font=\u00bbOpen Sans||||||||\u00bb text_text_color=\u00bb#666666&#8243; text_line_height=\u00bb1.8em\u00bb link_text_color=\u00bb#666666&#8243; text_orientation=\u00bbcenter\u00bb header_font_size_tablet=\u00bb55px\u00bb header_font_size_last_edited=\u00bboff|desktop\u00bb global_colors_info=\u00bb{}\u00bb]<\/p>\n<p style=\"text-align: left;\">Esta habitaci\u00f3n ofrece un espacio amplio, perfecta para alojar a todos c\u00f3modamente.<\/p>\n<p>[\/et_pb_text][et_pb_text ul_position=\u00bbinside\u00bb _builder_version=\u00bb4.25.1&#8243; _module_preset=\u00bb1f09816e-184e-4ce5-a4cf-b39c52c423ca\u00bb text_font=\u00bbOpen Sans||||||||\u00bb text_text_color=\u00bb#666666&#8243; text_font_size=\u00bb16px\u00bb text_line_height=\u00bb1.8em\u00bb link_text_color=\u00bb#666666&#8243; text_orientation=\u00bbcenter\u00bb custom_margin=\u00bb||0px||false|false\u00bb text_font_size_tablet=\u00bb15px\u00bb text_font_size_phone=\u00bb14px\u00bb text_font_size_last_edited=\u00bbon|phone\u00bb header_font_size_tablet=\u00bb55px\u00bb header_font_size_last_edited=\u00bboff|desktop\u00bb global_colors_info=\u00bb{}\u00bb]<\/p>\n<ul>\n<li style=\"text-align: left;\">Cama de matrimonio<\/li>\n<li style=\"text-align: left;\">Ropa de cama<\/li>\n<li style=\"text-align: left;\">Espacio de almacenaje<\/li>\n<li style=\"text-align: left;\">Mesita de noche<\/li>\n<li style=\"text-align: left;\">Ventanal con luz natural<\/li>\n<li style=\"text-align: left;\">Televisi\u00f3n de pantalla plana<\/li>\n<\/ul>\n<p>[\/et_pb_text][\/et_pb_column][et_pb_column type=\u00bb1_2&#8243; _builder_version=\u00bb4.25.1&#8243; _module_preset=\u00bbdefault\u00bb global_colors_info=\u00bb{}\u00bb][et_pb_image src=\u00bbhttps:\/\/www.casaruralelchato.com\/wp-content\/uploads\/2024\/07\/Habitacion-Doble.1.jpg\u00bb title_text=\u00bbHabitaci\u00f3n Doble.1&#8243; align=\u00bbcenter\u00bb _builder_version=\u00bb4.25.1&#8243; _module_preset=\u00bbdefault\u00bb global_colors_info=\u00bb{}\u00bb][\/et_pb_image][et_pb_text _builder_version=\u00bb4.27.0&#8243; _module_preset=\u00bb4827deed-2a92-4d97-a22f-f01067ae6873&#8243; header_font=\u00bb||||||||\u00bb header_4_font=\u00bbManrope|700|||||||\u00bb header_4_text_color=\u00bb#000000&#8243; header_4_font_size=\u00bb19px\u00bb header_4_line_height=\u00bb1.4em\u00bb text_orientation=\u00bbcenter\u00bb custom_margin=\u00bb||0px||false|false\u00bb hover_enabled=\u00bb0&#8243; header_4_font_size_tablet=\u00bb16px\u00bb header_4_font_size_phone=\u00bb14px\u00bb header_4_font_size_last_edited=\u00bbon|tablet\u00bb global_colors_info=\u00bb{}\u00bb sticky_enabled=\u00bb0&#8243;]<\/p>\n<h4>Sue\u00f1os de Morella<\/h4>\n<p>[\/et_pb_text][et_pb_text _builder_version=\u00bb4.25.1&#8243; _module_preset=\u00bb4c43b4b6-66bf-432d-959a-705bda24a650&#8243; text_font=\u00bbOpen Sans||||||||\u00bb text_text_color=\u00bb#666666&#8243; text_line_height=\u00bb1.8em\u00bb link_text_color=\u00bb#666666&#8243; text_orientation=\u00bbcenter\u00bb header_font_size_tablet=\u00bb55px\u00bb header_font_size_last_edited=\u00bboff|desktop\u00bb global_colors_info=\u00bb{}\u00bb]<\/p>\n<p style=\"text-align: left;\">Ideal para amigos o familiares, esta habitaci\u00f3n cuenta con dos camas individuales, ofreciendo un espacio acogedor y funcional.<\/p>\n<p>[\/et_pb_text][et_pb_text ul_position=\u00bbinside\u00bb _builder_version=\u00bb4.25.1&#8243; _module_preset=\u00bb1f09816e-184e-4ce5-a4cf-b39c52c423ca\u00bb text_font=\u00bbOpen Sans||||||||\u00bb text_text_color=\u00bb#666666&#8243; text_font_size=\u00bb16px\u00bb text_line_height=\u00bb1.8em\u00bb link_text_color=\u00bb#666666&#8243; text_orientation=\u00bbcenter\u00bb custom_margin=\u00bb||0px||false|false\u00bb text_font_size_tablet=\u00bb15px\u00bb text_font_size_phone=\u00bb14px\u00bb text_font_size_last_edited=\u00bbon|phone\u00bb header_font_size_tablet=\u00bb55px\u00bb header_font_size_last_edited=\u00bboff|desktop\u00bb global_colors_info=\u00bb{}\u00bb]<\/p>\n<ul>\n<li style=\"text-align: left;\">Dos camas individuales<\/li>\n<li style=\"text-align: left;\">Ropa de cama confortable<\/li>\n<li style=\"text-align: left;\">C\u00f3moda<\/li>\n<li style=\"text-align: left;\">Mesita de noche<\/li>\n<li style=\"text-align: left;\">Ventanal con luz natural<\/li>\n<li style=\"text-align: left;\">TV de pantalla plana<\/li>\n<\/ul>\n<p>[\/et_pb_text][\/et_pb_column][\/et_pb_row][\/et_pb_section][et_pb_section fb_built=\u00bb1&#8243; admin_label=\u00bbCall to Action\u00bb _builder_version=\u00bb4.17.6&#8243; _module_preset=\u00bbdefault\u00bb background_color=\u00bb#D37643&#8243; locked=\u00bboff\u00bb collapsed=\u00bbon\u00bb global_colors_info=\u00bb{}\u00bb][et_pb_row _builder_version=\u00bb4.17.6&#8243; _module_preset=\u00bbdefault\u00bb max_width=\u00bb860px\u00bb global_colors_info=\u00bb{}\u00bb][et_pb_column type=\u00bb4_4&#8243; _builder_version=\u00bb4.17.6&#8243; _module_preset=\u00bbdefault\u00bb global_colors_info=\u00bb{}\u00bb][et_pb_text _builder_version=\u00bb4.25.1&#8243; _module_preset=\u00bbe6504a1b-67eb-4b3d-b023-bcab277610b6&#8243; header_4_font=\u00bbManrope|700||on|||||\u00bb header_4_text_color=\u00bb#FFFFFF\u00bb header_4_font_size=\u00bb14px\u00bb header_4_letter_spacing=\u00bb1px\u00bb header_4_line_height=\u00bb1.4em\u00bb text_orientation=\u00bbcenter\u00bb custom_margin=\u00bb||0px||false|false\u00bb global_colors_info=\u00bb{}\u00bb]<\/p>\n<h4>Casa Rural el Chato<\/h4>\n<p>[\/et_pb_text][et_pb_text _builder_version=\u00bb4.25.1&#8243; _module_preset=\u00bbb327cbe4-b1d5-4b66-ad37-40c8f2f061ba\u00bb header_2_font=\u00bbManrope|700|||||||\u00bb header_2_text_color=\u00bb#FFFFFF\u00bb header_2_font_size=\u00bb48px\u00bb header_2_line_height=\u00bb1.2em\u00bb text_orientation=\u00bbcenter\u00bb header_2_font_size_tablet=\u00bb32px\u00bb header_2_font_size_phone=\u00bb20px\u00bb header_2_font_size_last_edited=\u00bbon|desktop\u00bb global_colors_info=\u00bb{}\u00bb]<\/p>\n<h2>Sum\u00e9rgete en la Naturaleza y Encuentra la Tranquilidad<\/h2>\n<p>[\/et_pb_text][\/et_pb_column][\/et_pb_row][\/et_pb_section][et_pb_section fb_built=\u00bb1&#8243; admin_label=\u00bbHeader\u00bb _builder_version=\u00bb4.17.6&#8243; _module_preset=\u00bbdefault\u00bb background_color=\u00bb#EBE4DD\u00bb custom_padding=\u00bb||0px||false|false\u00bb collapsed=\u00bbon\u00bb global_colors_info=\u00bb{}\u00bb][et_pb_row column_structure=\u00bb3_5,2_5&#8243; _builder_version=\u00bb4.17.6&#8243; _module_preset=\u00bbdefault\u00bb custom_margin=\u00bb||30px||false|false\u00bb global_colors_info=\u00bb{}\u00bb][et_pb_column type=\u00bb3_5&#8243; _builder_version=\u00bb4.17.6&#8243; _module_preset=\u00bbdefault\u00bb global_colors_info=\u00bb{}\u00bb][et_pb_image src=\u00bbhttps:\/\/www.casaruralelchato.com\/wp-content\/uploads\/2024\/07\/IMG-20240630-WA0064-scaled.jpeg\u00bb title_text=\u00bbIMG-20240630-WA0064&#8243; _builder_version=\u00bb4.25.1&#8243; _module_preset=\u00bbdefault\u00bb custom_margin=\u00bb|-11vw|||false|false\u00bb custom_margin_tablet=\u00bb|0vw|||false|false\u00bb custom_margin_phone=\u00bb|0vw|||false|false\u00bb custom_margin_last_edited=\u00bbon|tablet\u00bb global_colors_info=\u00bb{}\u00bb][\/et_pb_image][et_pb_text module_id=\u00bbjuego-lectura\u00bb _builder_version=\u00bb4.27.0&#8243; _module_preset=\u00bbb327cbe4-b1d5-4b66-ad37-40c8f2f061ba\u00bb header_2_font=\u00bbManrope|700|||||||\u00bb header_2_text_color=\u00bb#000000&#8243; header_2_font_size=\u00bb48px\u00bb header_2_line_height=\u00bb1.2em\u00bb custom_margin=\u00bb-10px||13px|||\u00bb hover_enabled=\u00bb0&#8243; header_2_font_size_tablet=\u00bb32px\u00bb header_2_font_size_phone=\u00bb20px\u00bb header_2_font_size_last_edited=\u00bbon|desktop\u00bb global_colors_info=\u00bb{}\u00bb sticky_enabled=\u00bb0&#8243;]<\/p>\n<h2>Sala del Refugio de la Carrasca<\/h2>\n<p>[\/et_pb_text][et_pb_text _builder_version=\u00bb4.27.0&#8243; _module_preset=\u00bbdefault\u00bb hover_enabled=\u00bb0&#8243; global_colors_info=\u00bb{}\u00bb sticky_enabled=\u00bb0&#8243;]<\/p>\n<p>Un espacio acogedor pensado para disfrutar de la tranquilidad y la conexi\u00f3n entre amigos y familia.<\/p>\n<p>En la Sala del Refugio de la Carrasca encontrar\u00e1s un rinc\u00f3n especial para leer, charlar o perderte en una partida de tus juegos de mesa favoritos. Desconectar, dejando que las horas pasen entre risas y conversaciones. Rodeada de libros, puzzles y todo lo necesario para una pausa sin prisas, esta sala es el refugio perfecto para crear momentos inolvidables en plena calma rural<\/p>\n<p>[\/et_pb_text][\/et_pb_column][et_pb_column type=\u00bb2_5&#8243; _builder_version=\u00bb4.17.6&#8243; _module_preset=\u00bbdefault\u00bb custom_padding=\u00bb10%||||false|false\u00bb global_colors_info=\u00bb{}\u00bb][et_pb_image src=\u00bbhttps:\/\/www.casaruralelchato.com\/wp-content\/uploads\/2024\/07\/IMG-20240630-WA0062-1-scaled.jpeg\u00bb title_text=\u00bbIMG-20240630-WA0062&#8243; _builder_version=\u00bb4.25.1&#8243; _module_preset=\u00bbdefault\u00bb global_colors_info=\u00bb{}\u00bb][\/et_pb_image][\/et_pb_column][\/et_pb_row][et_pb_row _builder_version=\u00bb4.25.1&#8243; _module_preset=\u00bbdefault\u00bb global_colors_info=\u00bb{}\u00bb][et_pb_column type=\u00bb4_4&#8243; _builder_version=\u00bb4.25.1&#8243; _module_preset=\u00bbdefault\u00bb global_colors_info=\u00bb{}\u00bb][et_pb_divider _builder_version=\u00bb4.25.1&#8243; _module_preset=\u00bbdefault\u00bb global_colors_info=\u00bb{}\u00bb][\/et_pb_divider][et_pb_text module_id=\u00bbjuego-lectura\u00bb _builder_version=\u00bb4.25.1&#8243; _module_preset=\u00bbb327cbe4-b1d5-4b66-ad37-40c8f2f061ba\u00bb header_2_font=\u00bbManrope|700|||||||\u00bb header_2_text_color=\u00bb#000000&#8243; header_2_font_size=\u00bb48px\u00bb header_2_line_height=\u00bb1.2em\u00bb custom_margin=\u00bb-10px||13px|||\u00bb header_2_font_size_tablet=\u00bb32px\u00bb header_2_font_size_phone=\u00bb20px\u00bb header_2_font_size_last_edited=\u00bbon|desktop\u00bb global_colors_info=\u00bb{}\u00bb]<\/p>\n<h2 style=\"text-align: right;\">Sal\u00f3n de Entretenimiento<\/h2>\n<p>[\/et_pb_text][et_pb_text _builder_version=\u00bb4.27.0&#8243; _module_preset=\u00bbdefault\u00bb hover_enabled=\u00bb0&#8243; global_colors_info=\u00bb{}\u00bb sticky_enabled=\u00bb0&#8243;]<\/p>\n<p>&nbsp;<\/p>\n<p>Estamos trabajando en la preparaci\u00f3n de un Sal\u00f3n de Entretenimiento, un espacio especialmente dise\u00f1ado para reuniones y momentos de diversi\u00f3n. Este sal\u00f3n estar\u00e1 equipado con una variedad de juegos y actividades para que puedas disfrutar al m\u00e1ximo con familiares y amigos.<\/p>\n<p>[\/et_pb_text][et_pb_text _builder_version=\u00bb4.25.1&#8243; _module_preset=\u00bbdefault\u00bb global_colors_info=\u00bb{}\u00bb]<\/p>\n<h4>Objetivo del Sal\u00f3n de Entretenimiento<\/h4>\n<p>El objetivo de este espacio es ofrecer un lugar donde puedas desconectar, divertirte y compartir momentos especiales con tus seres queridos. Queremos que este sal\u00f3n sea el punto de encuentro perfecto para la risa, el juego y la relajaci\u00f3n.<\/p>\n<p>Estamos muy emocionados con la creaci\u00f3n de este Sal\u00f3n de Entretenimiento y esperamos que se convierta en uno de tus lugares favoritos durante tu estancia en nuestra casa rural. \u00a1Pronto estar\u00e1 listo para recibirte!<\/p>\n<p>[\/et_pb_text][\/et_pb_column][\/et_pb_row][\/et_pb_section][et_pb_section fb_built=\u00bb1&#8243; admin_label=\u00bbFooter\u00bb _builder_version=\u00bb4.17.6&#8243; _module_preset=\u00bbdefault\u00bb background_color=\u00bb#FAF5EF\u00bb custom_padding=\u00bb||0px||false|false\u00bb collapsed=\u00bbon\u00bb global_colors_info=\u00bb{}\u00bb][et_pb_row column_structure=\u00bb1_4,1_4,1_2&#8243; _builder_version=\u00bb4.17.6&#8243; _module_preset=\u00bbdefault\u00bb global_colors_info=\u00bb{}\u00bb][et_pb_column type=\u00bb1_4&#8243; _builder_version=\u00bb4.17.6&#8243; _module_preset=\u00bbdefault\u00bb global_colors_info=\u00bb{}\u00bb][et_pb_image src=\u00bbhttps:\/\/www.casaruralelchato.com\/wp-content\/uploads\/2024\/07\/hotel-rural.png\u00bb title_text=\u00bbhotel-rural\u00bb _builder_version=\u00bb4.25.1&#8243; _module_preset=\u00bbdefault\u00bb width=\u00bb40%\u00bb global_colors_info=\u00bb{}\u00bb][\/et_pb_image][et_pb_text _builder_version=\u00bb4.25.1&#8243; _module_preset=\u00bb4827deed-2a92-4d97-a22f-f01067ae6873&#8243; header_font=\u00bb||||||||\u00bb header_4_font=\u00bbManrope|700|||||||\u00bb header_4_text_color=\u00bb#000000&#8243; header_4_font_size=\u00bb19px\u00bb header_4_line_height=\u00bb1.4em\u00bb custom_margin=\u00bb||0px||false|false\u00bb header_4_font_size_tablet=\u00bb16px\u00bb header_4_font_size_phone=\u00bb14px\u00bb header_4_font_size_last_edited=\u00bbon|tablet\u00bb global_colors_info=\u00bb{}\u00bb]<\/p>\n<h4>Casa Rural Chato<\/h4>\n<h4>Portell de Morella<\/h4>\n<p>[\/et_pb_text][\/et_pb_column][et_pb_column type=\u00bb1_4&#8243; _builder_version=\u00bb4.17.6&#8243; _module_preset=\u00bbdefault\u00bb global_colors_info=\u00bb{}\u00bb][et_pb_text _builder_version=\u00bb4.25.1&#8243; _module_preset=\u00bb4827deed-2a92-4d97-a22f-f01067ae6873&#8243; header_font=\u00bb||||||||\u00bb header_4_font=\u00bbManrope|700|||||||\u00bb header_4_text_color=\u00bb#000000&#8243; header_4_font_size=\u00bb19px\u00bb header_4_line_height=\u00bb1.4em\u00bb custom_margin=\u00bb||20px||false|false\u00bb header_4_font_size_tablet=\u00bb16px\u00bb header_4_font_size_phone=\u00bb14px\u00bb header_4_font_size_last_edited=\u00bbon|tablet\u00bb global_colors_info=\u00bb{}\u00bb]<\/p>\n<h4>La Casa<\/h4>\n<p>[\/et_pb_text][et_pb_text _builder_version=\u00bb4.25.1&#8243; _module_preset=\u00bb1f09816e-184e-4ce5-a4cf-b39c52c423ca\u00bb text_font=\u00bbOpen Sans||||||||\u00bb text_text_color=\u00bb#666666&#8243; text_font_size=\u00bb16px\u00bb text_line_height=\u00bb1.8em\u00bb link_text_color=\u00bb#666666&#8243; custom_margin=\u00bb||10px||false|false\u00bb link_option_url=\u00bb#salita\u00bb text_font_size_tablet=\u00bb15px\u00bb text_font_size_phone=\u00bb14px\u00bb text_font_size_last_edited=\u00bbon|phone\u00bb header_font_size_tablet=\u00bb55px\u00bb header_font_size_last_edited=\u00bboff|desktop\u00bb global_colors_info=\u00bb{}\u00bb]<\/p>\n<p>La Salita<\/p>\n<p>[\/et_pb_text][et_pb_text _builder_version=\u00bb4.25.1&#8243; _module_preset=\u00bb1f09816e-184e-4ce5-a4cf-b39c52c423ca\u00bb text_font=\u00bbOpen Sans||||||||\u00bb text_text_color=\u00bb#666666&#8243; text_font_size=\u00bb16px\u00bb text_line_height=\u00bb1.8em\u00bb link_text_color=\u00bb#666666&#8243; custom_margin=\u00bb||10px||false|false\u00bb link_option_url=\u00bb#cocina-comedor\u00bb text_font_size_tablet=\u00bb15px\u00bb text_font_size_phone=\u00bb14px\u00bb text_font_size_last_edited=\u00bbon|phone\u00bb header_font_size_tablet=\u00bb55px\u00bb header_font_size_last_edited=\u00bboff|desktop\u00bb global_colors_info=\u00bb{}\u00bb]<\/p>\n<p>Cocina y Comedor<\/p>\n<p>[\/et_pb_text][et_pb_text _builder_version=\u00bb4.25.1&#8243; _module_preset=\u00bb1f09816e-184e-4ce5-a4cf-b39c52c423ca\u00bb text_font=\u00bbOpen Sans||||||||\u00bb text_text_color=\u00bb#666666&#8243; text_font_size=\u00bb16px\u00bb text_line_height=\u00bb1.8em\u00bb link_text_color=\u00bb#666666&#8243; custom_margin=\u00bb||10px||false|false\u00bb link_option_url=\u00bb#habitaciones\u00bb text_font_size_tablet=\u00bb15px\u00bb text_font_size_phone=\u00bb14px\u00bb text_font_size_last_edited=\u00bbon|phone\u00bb header_font_size_tablet=\u00bb55px\u00bb header_font_size_last_edited=\u00bboff|desktop\u00bb global_colors_info=\u00bb{}\u00bb]<\/p>\n<p>Habitaciones<\/p>\n<p>[\/et_pb_text][et_pb_text _builder_version=\u00bb4.25.1&#8243; _module_preset=\u00bb1f09816e-184e-4ce5-a4cf-b39c52c423ca\u00bb text_font=\u00bbOpen Sans||||||||\u00bb text_text_color=\u00bb#666666&#8243; text_font_size=\u00bb16px\u00bb text_line_height=\u00bb1.8em\u00bb link_text_color=\u00bb#666666&#8243; custom_margin=\u00bb||10px||false|false\u00bb link_option_url=\u00bb#juego-lectura\u00bb text_font_size_tablet=\u00bb15px\u00bb text_font_size_phone=\u00bb14px\u00bb text_font_size_last_edited=\u00bbon|phone\u00bb header_font_size_tablet=\u00bb55px\u00bb header_font_size_last_edited=\u00bboff|desktop\u00bb global_colors_info=\u00bb{}\u00bb]<\/p>\n<p>Sala de Juegos y Lectura<\/p>\n<p>[\/et_pb_text][et_pb_text _builder_version=\u00bb4.25.1&#8243; _module_preset=\u00bb1f09816e-184e-4ce5-a4cf-b39c52c423ca\u00bb text_font=\u00bbOpen Sans||||||||\u00bb text_text_color=\u00bb#666666&#8243; text_font_size=\u00bb16px\u00bb text_line_height=\u00bb1.8em\u00bb link_text_color=\u00bb#666666&#8243; custom_margin=\u00bb||10px||false|false\u00bb text_font_size_tablet=\u00bb15px\u00bb text_font_size_phone=\u00bb14px\u00bb text_font_size_last_edited=\u00bbon|phone\u00bb header_font_size_tablet=\u00bb55px\u00bb header_font_size_last_edited=\u00bboff|desktop\u00bb global_colors_info=\u00bb{}\u00bb]<\/p>\n<p>Sal\u00f3n de Entretenimiento<\/p>\n<p>[\/et_pb_text][\/et_pb_column][et_pb_column type=\u00bb1_2&#8243; _builder_version=\u00bb4.17.6&#8243; _module_preset=\u00bbdefault\u00bb global_colors_info=\u00bb{}\u00bb][et_pb_text _builder_version=\u00bb4.17.6&#8243; _module_preset=\u00bb4827deed-2a92-4d97-a22f-f01067ae6873&#8243; header_font=\u00bb||||||||\u00bb header_4_font=\u00bbManrope|700|||||||\u00bb header_4_text_color=\u00bb#000000&#8243; header_4_font_size=\u00bb19px\u00bb header_4_line_height=\u00bb1.4em\u00bb custom_margin=\u00bb||20px||false|false\u00bb header_4_font_size_tablet=\u00bb16px\u00bb header_4_font_size_phone=\u00bb14px\u00bb header_4_font_size_last_edited=\u00bbon|tablet\u00bb locked=\u00bboff\u00bb global_colors_info=\u00bb{}\u00bb]<\/p>\n<h4>Contact<\/h4>\n<p>[\/et_pb_text][et_pb_text _builder_version=\u00bb4.25.1&#8243; _module_preset=\u00bb4827deed-2a92-4d97-a22f-f01067ae6873&#8243; header_font=\u00bb||||||||\u00bb header_4_font=\u00bbManrope|700|||||||\u00bb header_4_text_color=\u00bb#008186&#8243; header_4_font_size=\u00bb19px\u00bb header_4_line_height=\u00bb1.4em\u00bb custom_margin=\u00bb||0px||false|false\u00bb header_4_font_size_tablet=\u00bb16px\u00bb header_4_font_size_phone=\u00bb14px\u00bb header_4_font_size_last_edited=\u00bbon|tablet\u00bb global_colors_info=\u00bb{}\u00bb]<\/p>\n<h4>964 92 10 16<\/h4>\n<p>[\/et_pb_text][et_pb_text _builder_version=\u00bb4.25.1&#8243; _module_preset=\u00bb4827deed-2a92-4d97-a22f-f01067ae6873&#8243; header_font=\u00bb||||||||\u00bb header_4_font=\u00bbManrope|700|||||||\u00bb header_4_text_color=\u00bb#008186&#8243; header_4_font_size=\u00bb19px\u00bb header_4_line_height=\u00bb1.4em\u00bb custom_margin=\u00bb||0px||false|false\u00bb header_4_font_size_tablet=\u00bb16px\u00bb header_4_font_size_phone=\u00bb14px\u00bb header_4_font_size_last_edited=\u00bbon|tablet\u00bb global_colors_info=\u00bb{}\u00bb]<\/p>\n<h4>info@casaruralelchato.com<\/h4>\n<p>[\/et_pb_text][\/et_pb_column][\/et_pb_row][et_pb_row _builder_version=\u00bb4.17.6&#8243; _module_preset=\u00bbdefault\u00bb width=\u00bb100%\u00bb max_width=\u00bb100%\u00bb custom_padding=\u00bb||0px||false|false\u00bb global_colors_info=\u00bb{}\u00bb][et_pb_column type=\u00bb4_4&#8243; _builder_version=\u00bb4.17.6&#8243; _module_preset=\u00bbdefault\u00bb global_colors_info=\u00bb{}\u00bb][et_pb_image src=\u00bbhttps:\/\/www.casaruralelchato.com\/wp-content\/uploads\/2024\/07\/Portell-de-Morella-y-Entorno.02-scaled.jpg\u00bb title_text=\u00bbPortell de Morella y Entorno.02&#8243; force_fullwidth=\u00bbon\u00bb _builder_version=\u00bb4.25.1&#8243; _module_preset=\u00bbdefault\u00bb custom_padding=\u00bb||0px|||\u00bb global_colors_info=\u00bb{}\u00bb][\/et_pb_image][\/et_pb_column][\/et_pb_row][\/et_pb_section]<\/p>\n","protected":false},"excerpt":{"rendered":"<p>Casa Rural el ChatoLa SalitaLa sala de estar de nuestra encantadora casa rural es un espacio dise\u00f1ado para ofrecer comodidad y calidez en cada rinc\u00f3n. Al entrar, ser\u00e1s recibido por una atm\u00f3sfera acogedora y relajante, ideal para desconectar y disfrutar de momentos especiales.Este espacio est\u00e1 pensado para ser el refugio perfecto despu\u00e9s de un d\u00eda [&hellip;]<\/p>\n","protected":false},"author":1,"featured_media":0,"parent":0,"menu_order":0,"comment_status":"closed","ping_status":"closed","template":"","meta":{"_et_pb_use_builder":"on","_et_pb_old_content":"","_et_gb_content_width":"","footnotes":""},"class_list":["post-8","page","type-page","status-publish","hentry"],"yoast_head":"<!-- This site is optimized with the Yoast SEO plugin v27.4 - https:\/\/yoast.com\/product\/yoast-seo-wordpress\/ -->\n<title>La Casa - Casa Rural el Chato<\/title>\n<meta name=\"description\" content=\"El lugar perfecto para una escapada tranquila, donde desconectar del bullicio diario y sumergirte en la belleza y serenidad de la naturaleza.\" \/>\n<meta name=\"robots\" content=\"index, follow, max-snippet:-1, max-image-preview:large, max-video-preview:-1\" \/>\n<link rel=\"canonical\" href=\"https:\/\/www.casaruralelchato.com\/index.php\/la-casa\/\" \/>\n<meta property=\"og:locale\" content=\"es_ES\" \/>\n<meta property=\"og:type\" content=\"article\" \/>\n<meta property=\"og:title\" content=\"La Casa - Casa Rural el Chato\" \/>\n<meta property=\"og:description\" content=\"El lugar perfecto para una escapada tranquila, donde desconectar del bullicio diario y sumergirte en la belleza y serenidad de la naturaleza.\" \/>\n<meta property=\"og:url\" content=\"https:\/\/www.casaruralelchato.com\/index.php\/la-casa\/\" \/>\n<meta property=\"og:site_name\" content=\"Casa Rural el Chato\" \/>\n<meta property=\"article:modified_time\" content=\"2024-11-13T19:38:10+00:00\" \/>\n<meta name=\"twitter:card\" content=\"summary_large_image\" \/>\n<meta name=\"twitter:label1\" content=\"Tiempo de lectura\" \/>\n\t<meta name=\"twitter:data1\" content=\"6 minutos\" \/>\n<script type=\"application\/ld+json\" class=\"yoast-schema-graph\">{\"@context\":\"https:\\\/\\\/schema.org\",\"@graph\":[{\"@type\":\"WebPage\",\"@id\":\"https:\\\/\\\/www.casaruralelchato.com\\\/index.php\\\/la-casa\\\/\",\"url\":\"https:\\\/\\\/www.casaruralelchato.com\\\/index.php\\\/la-casa\\\/\",\"name\":\"La Casa - Casa Rural el Chato\",\"isPartOf\":{\"@id\":\"https:\\\/\\\/www.casaruralelchato.com\\\/#website\"},\"datePublished\":\"2024-06-07T08:33:00+00:00\",\"dateModified\":\"2024-11-13T19:38:10+00:00\",\"description\":\"El lugar perfecto para una escapada tranquila, donde desconectar del bullicio diario y sumergirte en la belleza y serenidad de la naturaleza.\",\"breadcrumb\":{\"@id\":\"https:\\\/\\\/www.casaruralelchato.com\\\/index.php\\\/la-casa\\\/#breadcrumb\"},\"inLanguage\":\"es\",\"potentialAction\":[{\"@type\":\"ReadAction\",\"target\":[\"https:\\\/\\\/www.casaruralelchato.com\\\/index.php\\\/la-casa\\\/\"]}]},{\"@type\":\"BreadcrumbList\",\"@id\":\"https:\\\/\\\/www.casaruralelchato.com\\\/index.php\\\/la-casa\\\/#breadcrumb\",\"itemListElement\":[{\"@type\":\"ListItem\",\"position\":1,\"name\":\"Portada\",\"item\":\"https:\\\/\\\/www.casaruralelchato.com\\\/\"},{\"@type\":\"ListItem\",\"position\":2,\"name\":\"La Casa\"}]},{\"@type\":\"WebSite\",\"@id\":\"https:\\\/\\\/www.casaruralelchato.com\\\/#website\",\"url\":\"https:\\\/\\\/www.casaruralelchato.com\\\/\",\"name\":\"Casa Rural el Chato\",\"description\":\"Casa Rural en Portell de Morella\",\"publisher\":{\"@id\":\"https:\\\/\\\/www.casaruralelchato.com\\\/#organization\"},\"potentialAction\":[{\"@type\":\"SearchAction\",\"target\":{\"@type\":\"EntryPoint\",\"urlTemplate\":\"https:\\\/\\\/www.casaruralelchato.com\\\/?s={search_term_string}\"},\"query-input\":{\"@type\":\"PropertyValueSpecification\",\"valueRequired\":true,\"valueName\":\"search_term_string\"}}],\"inLanguage\":\"es\"},{\"@type\":\"Organization\",\"@id\":\"https:\\\/\\\/www.casaruralelchato.com\\\/#organization\",\"name\":\"Casa Rural el Chato\",\"url\":\"https:\\\/\\\/www.casaruralelchato.com\\\/\",\"logo\":{\"@type\":\"ImageObject\",\"inLanguage\":\"es\",\"@id\":\"https:\\\/\\\/www.casaruralelchato.com\\\/#\\\/schema\\\/logo\\\/image\\\/\",\"url\":\"https:\\\/\\\/www.casaruralelchato.com\\\/wp-content\\\/uploads\\\/2024\\\/07\\\/cropped-hotel-rural.png\",\"contentUrl\":\"https:\\\/\\\/www.casaruralelchato.com\\\/wp-content\\\/uploads\\\/2024\\\/07\\\/cropped-hotel-rural.png\",\"width\":512,\"height\":512,\"caption\":\"Casa Rural el Chato\"},\"image\":{\"@id\":\"https:\\\/\\\/www.casaruralelchato.com\\\/#\\\/schema\\\/logo\\\/image\\\/\"}}]}<\/script>\n<!-- \/ Yoast SEO plugin. -->","yoast_head_json":{"title":"La Casa - Casa Rural el Chato","description":"El lugar perfecto para una escapada tranquila, donde desconectar del bullicio diario y sumergirte en la belleza y serenidad de la naturaleza.","robots":{"index":"index","follow":"follow","max-snippet":"max-snippet:-1","max-image-preview":"max-image-preview:large","max-video-preview":"max-video-preview:-1"},"canonical":"https:\/\/www.casaruralelchato.com\/index.php\/la-casa\/","og_locale":"es_ES","og_type":"article","og_title":"La Casa - Casa Rural el Chato","og_description":"El lugar perfecto para una escapada tranquila, donde desconectar del bullicio diario y sumergirte en la belleza y serenidad de la naturaleza.","og_url":"https:\/\/www.casaruralelchato.com\/index.php\/la-casa\/","og_site_name":"Casa Rural el Chato","article_modified_time":"2024-11-13T19:38:10+00:00","twitter_card":"summary_large_image","twitter_misc":{"Tiempo de lectura":"6 minutos"},"schema":{"@context":"https:\/\/schema.org","@graph":[{"@type":"WebPage","@id":"https:\/\/www.casaruralelchato.com\/index.php\/la-casa\/","url":"https:\/\/www.casaruralelchato.com\/index.php\/la-casa\/","name":"La Casa - Casa Rural el Chato","isPartOf":{"@id":"https:\/\/www.casaruralelchato.com\/#website"},"datePublished":"2024-06-07T08:33:00+00:00","dateModified":"2024-11-13T19:38:10+00:00","description":"El lugar perfecto para una escapada tranquila, donde desconectar del bullicio diario y sumergirte en la belleza y serenidad de la naturaleza.","breadcrumb":{"@id":"https:\/\/www.casaruralelchato.com\/index.php\/la-casa\/#breadcrumb"},"inLanguage":"es","potentialAction":[{"@type":"ReadAction","target":["https:\/\/www.casaruralelchato.com\/index.php\/la-casa\/"]}]},{"@type":"BreadcrumbList","@id":"https:\/\/www.casaruralelchato.com\/index.php\/la-casa\/#breadcrumb","itemListElement":[{"@type":"ListItem","position":1,"name":"Portada","item":"https:\/\/www.casaruralelchato.com\/"},{"@type":"ListItem","position":2,"name":"La Casa"}]},{"@type":"WebSite","@id":"https:\/\/www.casaruralelchato.com\/#website","url":"https:\/\/www.casaruralelchato.com\/","name":"Casa Rural el Chato","description":"Casa Rural en Portell de Morella","publisher":{"@id":"https:\/\/www.casaruralelchato.com\/#organization"},"potentialAction":[{"@type":"SearchAction","target":{"@type":"EntryPoint","urlTemplate":"https:\/\/www.casaruralelchato.com\/?s={search_term_string}"},"query-input":{"@type":"PropertyValueSpecification","valueRequired":true,"valueName":"search_term_string"}}],"inLanguage":"es"},{"@type":"Organization","@id":"https:\/\/www.casaruralelchato.com\/#organization","name":"Casa Rural el Chato","url":"https:\/\/www.casaruralelchato.com\/","logo":{"@type":"ImageObject","inLanguage":"es","@id":"https:\/\/www.casaruralelchato.com\/#\/schema\/logo\/image\/","url":"https:\/\/www.casaruralelchato.com\/wp-content\/uploads\/2024\/07\/cropped-hotel-rural.png","contentUrl":"https:\/\/www.casaruralelchato.com\/wp-content\/uploads\/2024\/07\/cropped-hotel-rural.png","width":512,"height":512,"caption":"Casa Rural el Chato"},"image":{"@id":"https:\/\/www.casaruralelchato.com\/#\/schema\/logo\/image\/"}}]}},"_links":{"self":[{"href":"https:\/\/www.casaruralelchato.com\/index.php\/wp-json\/wp\/v2\/pages\/8","targetHints":{"allow":["GET"]}}],"collection":[{"href":"https:\/\/www.casaruralelchato.com\/index.php\/wp-json\/wp\/v2\/pages"}],"about":[{"href":"https:\/\/www.casaruralelchato.com\/index.php\/wp-json\/wp\/v2\/types\/page"}],"author":[{"embeddable":true,"href":"https:\/\/www.casaruralelchato.com\/index.php\/wp-json\/wp\/v2\/users\/1"}],"replies":[{"embeddable":true,"href":"https:\/\/www.casaruralelchato.com\/index.php\/wp-json\/wp\/v2\/comments?post=8"}],"version-history":[{"count":14,"href":"https:\/\/www.casaruralelchato.com\/index.php\/wp-json\/wp\/v2\/pages\/8\/revisions"}],"predecessor-version":[{"id":267,"href":"https:\/\/www.casaruralelchato.com\/index.php\/wp-json\/wp\/v2\/pages\/8\/revisions\/267"}],"wp:attachment":[{"href":"https:\/\/www.casaruralelchato.com\/index.php\/wp-json\/wp\/v2\/media?parent=8"}],"curies":[{"name":"wp","href":"https:\/\/api.w.org\/{rel}","templated":true}]}}